{"id":33,"date":"2013-02-08T09:34:32","date_gmt":"2013-02-08T09:34:32","guid":{"rendered":"http:\/\/www.colaistedaibheid.ie\/?page_id=33"},"modified":"2013-12-06T12:51:28","modified_gmt":"2013-12-06T12:51:28","slug":"raiteas-faoi-sabhailteacht","status":"publish","type":"page","link":"https:\/\/www.colaistedaibheid.ie\/wp_cd_2020\/raiteas-faoi-sabhailteacht\/","title":{"rendered":"R\u00e1iteas Faoi Sabh\u00e1\u00edlteacht"},"content":{"rendered":"<p style=\"text-align: left;\">Chun dualgais\u00ed maidir leis an Reachta\u00edocht a\u00edrithe, ina measc Acht Um Sabh\u00e1ilteachta, Sl\u00e1inte agus Leasa ar Obair 2005, \u2018s\u00e9 \u00e1r mbun-aidhm n\u00e1 chun c\u00e9imeanna f\u00e9\u00edli\u00fanacha a th\u00f3gaint chun monat\u00f3ireacht agus smacht\u00fa a dheanamh maidir le sabh\u00e1ilteacht, sl\u00e1inte agus leasa agus na treoirl\u00ednte a bhaineann leo chun go bhfeidhmeodh Col\u00e1iste Daibh\u00e9id go h-\u00e9ifeachtach.<\/p>\n<p style=\"text-align: left;\">Mar sin <i>chomh fada agus gur f\u00e9idir<\/i> d\u00e9anfaimid iarracht chun a chinnti\u00fa<\/p>\n<ul style=\"text-align: left;\">\n<li>Go bhfuil n\u00f3sanna oibre agus ionad oibre sabh\u00e1ilte agus nach bhfuil baol sl\u00e1inte iontu<\/li>\n<li>Go bhfuil c\u00e9imeanna riachtanach t\u00f3gtha i leith l\u00e1imhs\u00e9ail, iompar, stor\u00e1il \u00e1bhair agus substaint\u00ed, nuair is gh\u00e1.<\/li>\n<li>Go bhfuil\u00a0 eolas, treoir, traen\u00e1il agus f\u00e9itheoireacht , mar is gh\u00e1, tugtha chun sabh\u00e1iiteacht, sl\u00e1inte agus leasa na n-oibritheoir\u00ed is dalta\u00ed a chinnti\u00fa.<\/li>\n<li>Go bhfuil na h-ionad oibre faoin \u00e1r smacht i ndea-choinn\u00edollacha.<\/li>\n<li>Go bhfuil an t-eolas chu\u00ed ag c\u00e1ch sa scoil maidir le sabh\u00e1ilteacht sa scoil.<\/li>\n<li>Go bhfuil foireann na scoile, dalta\u00ed agus cuairteoir\u00ed ar an eolas faoi na ndualgais\u00ed a a bhaineann leo maidir le sabh\u00e1ilteacht, sl\u00e1inte agus leasa daoine m\u00f3r-thimpeall orthu a chosaint.<\/li>\n<li>Go bhfuil monat\u00f3ireacht d\u00e9anta ar dul chun cinn na polasaithe seo.<\/li>\n<li>Go bhfuil pleananna ann chun \u00e9al\u00fa \u00f3n bhfoirgnimh<\/li>\n<li>Go bhfuil pleananna ann chun deil\u00e9\u00e1il le eachtra criticeach<\/li>\n<li>Go bhfuil oifigeach sl\u00e1inte sa scoil<\/li>\n<li>Go bhfuil \u2018Children First\u2019 curtha i bhfeidhm sa scoil<\/li>\n<li>Go bhfuil oibritheoir\u00ed ag glacadh le deiseanna chun traen\u00e1il\/c\u00e1il\u00edochta\u00ed maidir le sabh\u00e1ilteacht agus sl\u00e1inte a fh\u00e1il<\/li>\n<li>Go bhfuil plean sabh\u00e1ilteacht ag na roinn \u00e1bhair praitici\u00fala.<\/li>\n<li>Go bhfuil athbhreithni\u00fa de\u00e1nta go bhliant\u00fail ar seo<\/li>\n<\/ul>\n<p style=\"text-align: left;\">T. \u00d3 Laighin<br \/>\nPr\u00edomhoide Eanair 2012<\/p>\n<p style=\"text-align: left;\">This safety <i>statement of intent<\/i> is available from the main office during office hours in English if required.<\/p>\n<p style=\"text-align: left;\" align=\"center\">\n<p style=\"text-align: left;\" align=\"center\">\n<h2 style=\"text-align: left;\" align=\"center\">Sprioc an Phobail<\/h2>\n<p style=\"text-align: left;\">Is \u00ed aidhm an Chol\u00e1iste n\u00e1 na dalta\u00ed faoi ch\u00faram na scoile a fhorbairt ina ioml\u00e1ine, n\u00f3sanna l\u00e1idre oibre a choth\u00fa iontu agus cabhr\u00fa leo iad f\u00e9in a fhorbairt mar dhaoine freagarthach, cumasach agus comhbh\u00e1ch.\u00a0 D\u00e9anann an scoil for\u00e1s na ndalta\u00ed a mhisni\u00fa agus a \u00e9asc\u00fa maidir le gach gn\u00e9 den oideachas, idir oideachas acad\u00fail, praictici\u00fail, s\u00f3isialta, fisici\u00fail, m\u00f3r\u00e1lta agus pearsanta.<\/p>\n<p style=\"text-align: left;\">Is teanga bheo \u00ed an Ghaeilge, ar bhonn pearsanta agus mar mhe\u00e1n foghlama, do na dalta\u00ed a fhreastala\u00edonn ar Chol\u00e1iste Daibh\u00e9id. Is gn\u00e9 riachtanach \u00e9 seo de shaol na scoile.\u00a0 Cotha\u00edtear agus f\u00e1sann an l\u00edofacht agus an muin\u00edn at\u00e1 acu \u00f3 thaobh labhairt agus scr\u00edobh na Gaeilge de agus braitheann siad go l\u00e1idir gur leo \u00ed.\u00a0 Go f\u00edrinneach b\u00edonn an Ghaeilge mar theanga dh\u00fachais acu.<\/p>\n","protected":false},"excerpt":{"rendered":"<p>Chun dualgais\u00ed maidir leis an Reachta\u00edocht a\u00edrithe, ina measc Acht Um Sabh\u00e1ilteachta, Sl\u00e1inte agus Leasa ar Obair 2005, \u2018s\u00e9 \u00e1r mbun-aidhm n\u00e1 chun c\u00e9imeanna f\u00e9\u00edli\u00fanacha a th\u00f3gaint chun monat\u00f3ireacht agus smacht\u00fa a dheanamh maidir le sabh\u00e1ilteacht, sl\u00e1inte agus leasa agus na treoirl\u00ednte a bhaineann leo chun go bhfeidhmeodh Col\u00e1iste Daibh\u00e9id go h-\u00e9ifeachtach. Mar sin chomh [&hellip;]<\/p>\n","protected":false},"author":1,"featured_media":0,"parent":0,"menu_order":0,"comment_status":"closed","ping_status":"closed","template":"templates\/fullwidth.php","meta":{"site-sidebar-layout":"default","site-content-layout":"","ast-site-content-layout":"default","site-content-style":"default","site-sidebar-style":"default","ast-global-header-display":"","ast-banner-title-visibility":"","ast-main-header-display":"","ast-hfb-above-header-display":"","ast-hfb-below-header-display":"","ast-hfb-mobile-header-display":"","site-post-title":"","ast-breadcrumbs-content":"","ast-featured-img":"","footer-sml-layout":"","ast-disable-related-posts":"","theme-transparent-header-meta":"","adv-header-id-meta":"","stick-header-meta":"","header-above-stick-meta":"","header-main-stick-meta":"","header-below-stick-meta":"","astra-migrate-meta-layouts":"default","ast-page-background-enabled":"default","ast-page-background-meta":{"desktop":{"background-color":"","background-image":"","background-repeat":"repeat","background-position":"center center","background-size":"auto","background-attachment":"scroll","background-type":"","background-media":"","overlay-type":"","overlay-color":"","overlay-opacity":"","overlay-gradient":""},"tablet":{"background-color":"","background-image":"","background-repeat":"repeat","background-position":"center center","background-size":"auto","background-attachment":"scroll","background-type":"","background-media":"","overlay-type":"","overlay-color":"","overlay-opacity":"","overlay-gradient":""},"mobile":{"background-color":"","background-image":"","background-repeat":"repeat","background-position":"center center","background-size":"auto","background-attachment":"scroll","background-type":"","background-media":"","overlay-type":"","overlay-color":"","overlay-opacity":"","overlay-gradient":""}},"ast-content-background-meta":{"desktop":{"background-color":"var(--ast-global-color-5)","background-image":"","background-repeat":"repeat","background-position":"center center","background-size":"auto","background-attachment":"scroll","background-type":"","background-media":"","overlay-type":"","overlay-color":"","overlay-opacity":"","overlay-gradient":""},"tablet":{"background-color":"var(--ast-global-color-5)","background-image":"","background-repeat":"repeat","background-position":"center center","background-size":"auto","background-attachment":"scroll","background-type":"","background-media":"","overlay-type":"","overlay-color":"","overlay-opacity":"","overlay-gradient":""},"mobile":{"background-color":"var(--ast-global-color-5)","background-image":"","background-repeat":"repeat","background-position":"center center","background-size":"auto","background-attachment":"scroll","background-type":"","background-media":"","overlay-type":"","overlay-color":"","overlay-opacity":"","overlay-gradient":""}},"footnotes":""},"class_list":["post-33","page","type-page","status-publish","hentry"],"publishpress_future_action":{"enabled":false,"date":"2026-05-09 10:40:34","action":"change-status","newStatus":"draft","terms":[],"taxonomy":"","extraData":[]},"publishpress_future_workflow_manual_trigger":{"enabledWorkflows":[]},"_links":{"self":[{"href":"https:\/\/www.colaistedaibheid.ie\/wp_cd_2020\/wp-json\/wp\/v2\/pages\/33","targetHints":{"allow":["GET"]}}],"collection":[{"href":"https:\/\/www.colaistedaibheid.ie\/wp_cd_2020\/wp-json\/wp\/v2\/pages"}],"about":[{"href":"https:\/\/www.colaistedaibheid.ie\/wp_cd_2020\/wp-json\/wp\/v2\/types\/page"}],"author":[{"embeddable":true,"href":"https:\/\/www.colaistedaibheid.ie\/wp_cd_2020\/wp-json\/wp\/v2\/users\/1"}],"replies":[{"embeddable":true,"href":"https:\/\/www.colaistedaibheid.ie\/wp_cd_2020\/wp-json\/wp\/v2\/comments?post=33"}],"version-history":[{"count":1,"href":"https:\/\/www.colaistedaibheid.ie\/wp_cd_2020\/wp-json\/wp\/v2\/pages\/33\/revisions"}],"predecessor-version":[{"id":34,"href":"https:\/\/www.colaistedaibheid.ie\/wp_cd_2020\/wp-json\/wp\/v2\/pages\/33\/revisions\/34"}],"wp:attachment":[{"href":"https:\/\/www.colaistedaibheid.ie\/wp_cd_2020\/wp-json\/wp\/v2\/media?parent=33"}],"curies":[{"name":"wp","href":"https:\/\/api.w.org\/{rel}","templated":true}]}}